{"id":2682,"date":"2024-09-27T15:57:46","date_gmt":"2024-09-27T15:57:46","guid":{"rendered":"https:\/\/fcgriopailacastilla.org\/site\/?page_id=2682"},"modified":"2024-10-11T18:18:53","modified_gmt":"2024-10-11T18:18:53","slug":"conmemorando-65-anos","status":"publish","type":"page","link":"https:\/\/fcgriopailacastilla.org\/site\/conmemorando-65-anos\/","title":{"rendered":"Conmemorando 65 a\u00f1os"},"content":{"rendered":"\t\t<div data-elementor-type=\"wp-page\" data-elementor-id=\"2682\" class=\"elementor elementor-2682\">\n\t\t\t\t<div class=\"elementor-element elementor-element-152063d e-con-full e-flex e-con e-parent\" data-id=\"152063d\" data-element_type=\"container\">\n\t\t\t\t<div class=\"elementor-element elementor-element-77c8a3c elementor-arrows-position-inside elementor-pagination-position-outside elementor-widget elementor-widget-image-carousel\" data-id=\"77c8a3c\" data-element_type=\"widget\" data-settings=\"{&quot;slides_to_show&quot;:&quot;1&quot;,&quot;navigation&quot;:&quot;both&quot;,&quot;autoplay&quot;:&quot;yes&quot;,&quot;pause_on_hover&quot;:&quot;yes&quot;,&quot;pause_on_interaction&quot;:&quot;yes&quot;,&quot;autoplay_speed&quot;:5000,&quot;infinite&quot;:&quot;yes&quot;,&quot;effect&quot;:&quot;slide&quot;,&quot;speed&quot;:500}\" data-widget_type=\"image-carousel.default\">\n\t\t\t\t<div class=\"elementor-widget-container\">\n\t\t\t\t\t<div class=\"elementor-image-carousel-wrapper swiper\" dir=\"ltr\">\n\t\t\t<div class=\"elementor-image-carousel swiper-wrapper swiper-image-stretch\" aria-live=\"off\">\n\t\t\t\t\t\t\t\t<div class=\"swiper-slide\" role=\"group\" aria-roledescription=\"slide\" aria-label=\"1 de 1\"><figure class=\"swiper-slide-inner\"><img decoding=\"async\" class=\"swiper-slide-image\" src=\"https:\/\/fcgriopailacastilla.org\/site\/wp-content\/uploads\/2024\/09\/BANNER-65-ANOS-1.jpg\" alt=\"BANNER-65-A\u00d1OS (1)\" \/><\/figure><\/div>\t\t\t<\/div>\n\t\t\t\t\t<\/div>\n\t\t\t\t<\/div>\n\t\t\t\t<\/div>\n\t\t\t\t<\/div>\n\t\t<div class=\"elementor-element elementor-element-67cf326 e-con-full e-flex e-con e-parent\" data-id=\"67cf326\" data-element_type=\"container\">\n\t\t<div class=\"elementor-element elementor-element-4399e8b e-con-full e-flex e-con e-child\" data-id=\"4399e8b\" data-element_type=\"container\">\n\t\t\t\t<div class=\"elementor-element elementor-element-7b0f19f elementor-widget elementor-widget-text-editor\" data-id=\"7b0f19f\" data-element_type=\"widget\" data-widget_type=\"text-editor.default\">\n\t\t\t\t<div class=\"elementor-widget-container\">\n\t\t\t\t\t\t\tConmemoramos 65 a\u00f1os de un compromiso social por Colombia, una historia que se empez\u00f3 a escribir en 1957 con la convicci\u00f3n de que ser\u00eda la fuerza transformadora capaz de contribuir al desarrollo territorial incluyente, arm\u00f3nico y sostenible de los municipios donde opera el Grupo Empresarial Riopaila Castilla.\t\t\t\t\t\t<\/div>\n\t\t\t\t<\/div>\n\t\t\t\t<\/div>\n\t\t<div class=\"elementor-element elementor-element-137cb86 e-con-full e-flex e-con e-child\" data-id=\"137cb86\" data-element_type=\"container\">\n\t\t\t\t<div class=\"elementor-element elementor-element-50691fe elementor-widget elementor-widget-image\" data-id=\"50691fe\" data-element_type=\"widget\" data-widget_type=\"image.default\">\n\t\t\t\t<div class=\"elementor-widget-container\">\n\t\t\t\t\t\t\t\t\t\t\t\t\t<img fetchpriority=\"high\" decoding=\"async\" width=\"500\" height=\"100\" src=\"https:\/\/fcgriopailacastilla.org\/site\/wp-content\/uploads\/2024\/09\/Cobranding-65-anos-Fundacion.png\" class=\"attachment-large size-large wp-image-2684\" alt=\"\" srcset=\"https:\/\/fcgriopailacastilla.org\/site\/wp-content\/uploads\/2024\/09\/Cobranding-65-anos-Fundacion.png 500w, https:\/\/fcgriopailacastilla.org\/site\/wp-content\/uploads\/2024\/09\/Cobranding-65-anos-Fundacion-300x60.png 300w\" sizes=\"(max-width: 500px) 100vw, 500px\" \/>\t\t\t\t\t\t\t\t\t\t\t\t\t<\/div>\n\t\t\t\t<\/div>\n\t\t\t\t<\/div>\n\t\t\t\t<\/div>\n\t\t<div class=\"elementor-element elementor-element-d18d597 e-con-full e-flex e-con e-parent\" data-id=\"d18d597\" data-element_type=\"container\">\n\t\t\t\t<div class=\"elementor-element elementor-element-e78121b elementor-widget elementor-widget-video\" data-id=\"e78121b\" data-element_type=\"widget\" data-settings=\"{&quot;youtube_url&quot;:&quot;https:\\\/\\\/youtu.be\\\/1ZTfKPuAWl0&quot;,&quot;video_type&quot;:&quot;youtube&quot;,&quot;controls&quot;:&quot;yes&quot;}\" data-widget_type=\"video.default\">\n\t\t\t\t<div class=\"elementor-widget-container\">\n\t\t\t\t\t<div class=\"elementor-wrapper elementor-open-inline\">\n\t\t\t<div class=\"elementor-video\"><\/div>\t\t<\/div>\n\t\t\t\t<\/div>\n\t\t\t\t<\/div>\n\t\t\t\t<\/div>\n\t\t<div class=\"elementor-element elementor-element-eee30ba e-con-full e-flex e-con e-parent\" data-id=\"eee30ba\" data-element_type=\"container\">\n\t\t\t\t<div class=\"elementor-element elementor-element-7ce837c elementor-widget elementor-widget-text-editor\" data-id=\"7ce837c\" data-element_type=\"widget\" data-widget_type=\"text-editor.default\">\n\t\t\t\t<div class=\"elementor-widget-container\">\n\t\t\t\t\t\t\t<p>Tejer de manera permanente relaciones de confianza y respeto con todos aquellos que han construido y cocreado con nosotros es la base que nos permite seguir impulsando transformaciones reales y sostenibles en los territorios, fortaleciendo el compromiso mutuo hacia un futuro m\u00e1s inclusivo y pr\u00f3spero.<\/p>\t\t\t\t\t\t<\/div>\n\t\t\t\t<\/div>\n\t\t\t\t<div class=\"elementor-element elementor-element-12d8afd elementor-widget elementor-widget-heading\" data-id=\"12d8afd\" data-element_type=\"widget\" data-widget_type=\"heading.default\">\n\t\t\t\t<div class=\"elementor-widget-container\">\n\t\t\t<h2 class=\"elementor-heading-title elementor-size-default\">Momentos de nuestra conmemoraci\u00f3n<\/h2>\t\t<\/div>\n\t\t\t\t<\/div>\n\t\t\t\t<div class=\"elementor-element elementor-element-121939d elementor-widget elementor-widget-text-editor\" data-id=\"121939d\" data-element_type=\"widget\" data-widget_type=\"text-editor.default\">\n\t\t\t\t<div class=\"elementor-widget-container\">\n\t\t\t\t\t\t\t<p>Desde las voces de nuestros protagonistas: <strong>las Convergencias en el Desarrollo Territorial<\/strong><\/p>\t\t\t\t\t\t<\/div>\n\t\t\t\t<\/div>\n\t\t\t\t<\/div>\n\t\t<div class=\"elementor-element elementor-element-ff7a9cf e-con-full e-flex e-con e-parent\" data-id=\"ff7a9cf\" data-element_type=\"container\">\n\t\t<div class=\"elementor-element elementor-element-5bc02cd e-con-full e-flex e-con e-child\" data-id=\"5bc02cd\" data-element_type=\"container\">\n\t\t\t\t<div class=\"elementor-element elementor-element-728d809 elementor-widget elementor-widget-video\" data-id=\"728d809\" data-element_type=\"widget\" data-settings=\"{&quot;youtube_url&quot;:&quot;https:\\\/\\\/youtu.be\\\/rwjWdwYZV_M?si=SgwJDgKgqy0ioNrA&quot;,&quot;video_type&quot;:&quot;youtube&quot;,&quot;controls&quot;:&quot;yes&quot;}\" data-widget_type=\"video.default\">\n\t\t\t\t<div class=\"elementor-widget-container\">\n\t\t\t\t\t<div class=\"elementor-wrapper elementor-open-inline\">\n\t\t\t<div class=\"elementor-video\"><\/div>\t\t<\/div>\n\t\t\t\t<\/div>\n\t\t\t\t<\/div>\n\t\t\t\t<\/div>\n\t\t<div class=\"elementor-element elementor-element-778cb7a e-con-full e-flex e-con e-child\" data-id=\"778cb7a\" data-element_type=\"container\">\n\t\t\t\t<div class=\"elementor-element elementor-element-5d6a269 elementor-widget elementor-widget-text-editor\" data-id=\"5d6a269\" data-element_type=\"widget\" data-widget_type=\"text-editor.default\">\n\t\t\t\t<div class=\"elementor-widget-container\">\n\t\t\t\t\t\t\t<p>Durante el panel los participantes de nuestros procesos reflexionaron sobre seis d\u00e9cadas de compromiso social, una trayectoria que ha permitido innovar en la gesti\u00f3n para impulsar el desarrollo territorial.<\/p><p>A lo largo de estos a\u00f1os, hemos contribuido en la construcci\u00f3n de oportunidades para las comunidades de Florida, Pradera y Zarzal, con el prop\u00f3sito de generar transformaciones sostenibles y equitativas.<\/p>\t\t\t\t\t\t<\/div>\n\t\t\t\t<\/div>\n\t\t\t\t<\/div>\n\t\t\t\t<\/div>\n\t\t<div class=\"elementor-element elementor-element-739ec89 e-con-full e-flex e-con e-parent\" data-id=\"739ec89\" data-element_type=\"container\">\n\t\t\t\t<div class=\"elementor-element elementor-element-83e9fc6 elementor-widget elementor-widget-text-editor\" data-id=\"83e9fc6\" data-element_type=\"widget\" data-widget_type=\"text-editor.default\">\n\t\t\t\t<div class=\"elementor-widget-container\">\n\t\t\t\t\t\t\t<p>Colombia, los retos del rompecabezas: <strong>Ana Fernanda Maiguashca<\/strong><\/p>\t\t\t\t\t\t<\/div>\n\t\t\t\t<\/div>\n\t\t\t\t<\/div>\n\t\t<div class=\"elementor-element elementor-element-ae5e42c e-con-full e-flex e-con e-parent\" data-id=\"ae5e42c\" data-element_type=\"container\">\n\t\t<div class=\"elementor-element elementor-element-b0f8433 e-con-full e-flex e-con e-child\" data-id=\"b0f8433\" data-element_type=\"container\">\n\t\t\t\t<div class=\"elementor-element elementor-element-8e83e91 elementor-widget elementor-widget-text-editor\" data-id=\"8e83e91\" data-element_type=\"widget\" data-widget_type=\"text-editor.default\">\n\t\t\t\t<div class=\"elementor-widget-container\">\n\t\t\t\t\t\t\t<p>Ana Fernanda Maiguashca profundiz\u00f3 sobre las convergencias en el desarrollo territorial, abordando los desaf\u00edos que enfrentan los territorios en su camino hacia un desarrollo sostenible.<\/p><p>Con una mirada estrat\u00e9gica, resalt\u00f3 la importancia de integrar esfuerzos entre actores para superar las barreras del desarrollo, destacando la necesidad de generar soluciones innovadoras y colaborativas que respondan a las realidades del territorio.<\/p>\t\t\t\t\t\t<\/div>\n\t\t\t\t<\/div>\n\t\t\t\t<\/div>\n\t\t<div class=\"elementor-element elementor-element-0a32be2 e-con-full e-flex e-con e-child\" data-id=\"0a32be2\" data-element_type=\"container\">\n\t\t\t\t<div class=\"elementor-element elementor-element-7f5494b elementor-widget elementor-widget-video\" data-id=\"7f5494b\" data-element_type=\"widget\" data-settings=\"{&quot;youtube_url&quot;:&quot;https:\\\/\\\/youtu.be\\\/enUmYD3ecAY?si=WIFwrpcFYFI-hfOV&quot;,&quot;video_type&quot;:&quot;youtube&quot;,&quot;controls&quot;:&quot;yes&quot;}\" data-widget_type=\"video.default\">\n\t\t\t\t<div class=\"elementor-widget-container\">\n\t\t\t\t\t<div class=\"elementor-wrapper elementor-open-inline\">\n\t\t\t<div class=\"elementor-video\"><\/div>\t\t<\/div>\n\t\t\t\t<\/div>\n\t\t\t\t<\/div>\n\t\t\t\t<\/div>\n\t\t\t\t<\/div>\n\t\t<div class=\"elementor-element elementor-element-ff9a80e e-con-full e-flex e-con e-parent\" data-id=\"ff9a80e\" data-element_type=\"container\">\n\t\t\t\t<div class=\"elementor-element elementor-element-8f846f0 elementor-widget elementor-widget-text-editor\" data-id=\"8f846f0\" data-element_type=\"widget\" data-widget_type=\"text-editor.default\">\n\t\t\t\t<div class=\"elementor-widget-container\">\n\t\t\t\t\t\t\t<p>Panel: <strong>Convergencias para el desarrollo territorial<\/strong><\/p>\t\t\t\t\t\t<\/div>\n\t\t\t\t<\/div>\n\t\t\t\t<\/div>\n\t\t<div class=\"elementor-element elementor-element-3ace239 e-con-full e-flex e-con e-parent\" data-id=\"3ace239\" data-element_type=\"container\">\n\t\t<div class=\"elementor-element elementor-element-4575d94 e-con-full e-flex e-con e-child\" data-id=\"4575d94\" data-element_type=\"container\">\n\t\t\t\t<div class=\"elementor-element elementor-element-fb0ff90 elementor-widget elementor-widget-text-editor\" data-id=\"fb0ff90\" data-element_type=\"widget\" data-widget_type=\"text-editor.default\">\n\t\t\t\t<div class=\"elementor-widget-container\">\n\t\t\t\t\t\t\t<p>Moderado por Myriam M\u00e9ndez, el panel reuni\u00f3 a destacados expertos: \u00c1ngela Penagos, Carlos Enrique Moreno, Juan Mayr, Rossana Mej\u00eda y Santiago Rojas, quienes compartieron una enriquecedora conversaci\u00f3n sobre las convergencias para el desarrollo territorial.<\/p><p>Durante la discusi\u00f3n, los panelistas aportaron ideas, conocimientos y experiencias desde diversas perspectivas, resaltando la importancia de la colaboraci\u00f3n entre los diferentes actores territoriales. El di\u00e1logo se centr\u00f3 en c\u00f3mo, a trav\u00e9s de la innovaci\u00f3n y la articulaci\u00f3n de esfuerzos, es posible enfrentar los desaf\u00edos locales y crear modelos de desarrollo sostenibles e inclusivos que respondan a las necesidades y potencialidades de los territorios.<\/p>\t\t\t\t\t\t<\/div>\n\t\t\t\t<\/div>\n\t\t\t\t<\/div>\n\t\t<div class=\"elementor-element elementor-element-9b35bc4 e-con-full e-flex e-con e-child\" data-id=\"9b35bc4\" data-element_type=\"container\">\n\t\t\t\t<div class=\"elementor-element elementor-element-93cee3e elementor-widget elementor-widget-video\" data-id=\"93cee3e\" data-element_type=\"widget\" data-settings=\"{&quot;youtube_url&quot;:&quot;https:\\\/\\\/youtu.be\\\/EelqS3ouGyo?si=MK832JKJ-D5dAUHs&quot;,&quot;video_type&quot;:&quot;youtube&quot;,&quot;controls&quot;:&quot;yes&quot;}\" data-widget_type=\"video.default\">\n\t\t\t\t<div class=\"elementor-widget-container\">\n\t\t\t\t\t<div class=\"elementor-wrapper elementor-open-inline\">\n\t\t\t<div class=\"elementor-video\"><\/div>\t\t<\/div>\n\t\t\t\t<\/div>\n\t\t\t\t<\/div>\n\t\t\t\t<\/div>\n\t\t\t\t<\/div>\n\t\t<div class=\"elementor-element elementor-element-821433e e-con-full e-flex e-con e-parent\" data-id=\"821433e\" data-element_type=\"container\">\n\t\t\t\t<div class=\"elementor-element elementor-element-0c2f53c elementor-widget elementor-widget-video\" data-id=\"0c2f53c\" data-element_type=\"widget\" data-settings=\"{&quot;youtube_url&quot;:&quot;https:\\\/\\\/youtu.be\\\/IMzbtOJulto?si=IlCdmsFCTJmQ0TqW&quot;,&quot;video_type&quot;:&quot;youtube&quot;,&quot;controls&quot;:&quot;yes&quot;}\" data-widget_type=\"video.default\">\n\t\t\t\t<div class=\"elementor-widget-container\">\n\t\t\t\t\t<div class=\"elementor-wrapper elementor-open-inline\">\n\t\t\t<div class=\"elementor-video\"><\/div>\t\t<\/div>\n\t\t\t\t<\/div>\n\t\t\t\t<\/div>\n\t\t\t\t<\/div>\n\t\t<div class=\"elementor-element elementor-element-e45aad0 e-con-full e-flex e-con e-parent\" data-id=\"e45aad0\" data-element_type=\"container\">\n\t\t\t\t<div class=\"elementor-element elementor-element-a092240 elementor-widget elementor-widget-heading\" data-id=\"a092240\" data-element_type=\"widget\" data-widget_type=\"heading.default\">\n\t\t\t\t<div class=\"elementor-widget-container\">\n\t\t\t<h2 class=\"elementor-heading-title elementor-size-default\">En medios<\/h2>\t\t<\/div>\n\t\t\t\t<\/div>\n\t\t\t\t<div class=\"elementor-element elementor-element-83ff29e elementor-widget elementor-widget-text-editor\" data-id=\"83ff29e\" data-element_type=\"widget\" data-widget_type=\"text-editor.default\">\n\t\t\t\t<div class=\"elementor-widget-container\">\n\t\t\t\t\t\t\t<ul><li><a href=\"https:\/\/www.larepublica.co\/empresas\/fundacion-de-riopaila-castilla-celebra-65-anos-de-trabajo-social-en-el-valle-del-cauca-y-el-norte-del-cauca-3502324\" target=\"_blank\" rel=\"noopener\">larepublica.co<\/a><\/li><li><a href=\"https:\/\/www.semana.com\/mejor-colombia\/articulo\/oportunidades-de-empleo-para-mas-de-1500-pequenos-productores-del-valle-del-cauca-genera-la-fundacion-de-riopaila-castilla-la-primera-de-origen-empresarial-del-departamento\/202235\/\" target=\"_blank\" rel=\"noopener\">semana.com<\/a><\/li><li><a href=\"https:\/\/www.acis.org.co\/portal\/content\/65-a%C3%B1os-de-compromiso-social-se-conmemoran-en-el-suroccidente-colombiano-0\" target=\"_blank\" rel=\"noopener\">acis.org.co<\/a><\/li><li><a href=\"https:\/\/www.youtube.com\/watch?v=1hCI70Oc-OQ\" target=\"_blank\" rel=\"noopener\">youtube.com<\/a><\/li><li><a href=\"https:\/\/www.qhubocali.com\/asi-paso\/65-anos-cumpliendole-al-valle-del-cauca-felicitaciones\/\" target=\"_blank\" rel=\"noopener\">qhubocali.com<\/a><\/li><\/ul>\t\t\t\t\t\t<\/div>\n\t\t\t\t<\/div>\n\t\t\t\t<\/div>\n\t\t\t\t<\/div>\n\t\t","protected":false},"excerpt":{"rendered":"<p>Conmemoramos 65 a\u00f1os de un compromiso social por Colombia, una historia que se empez\u00f3 a escribir en 1957 con la convicci\u00f3n de que ser\u00eda la fuerza transformadora capaz de contribuir&hellip;<\/p>\n","protected":false},"author":1,"featured_media":0,"parent":0,"menu_order":0,"comment_status":"closed","ping_status":"closed","template":"elementor_header_footer","meta":{"footnotes":""},"class_list":["post-2682","page","type-page","status-publish","hentry"],"_links":{"self":[{"href":"https:\/\/fcgriopailacastilla.org\/site\/wp-json\/wp\/v2\/pages\/2682","targetHints":{"allow":["GET"]}}],"collection":[{"href":"https:\/\/fcgriopailacastilla.org\/site\/wp-json\/wp\/v2\/pages"}],"about":[{"href":"https:\/\/fcgriopailacastilla.org\/site\/wp-json\/wp\/v2\/types\/page"}],"author":[{"embeddable":true,"href":"https:\/\/fcgriopailacastilla.org\/site\/wp-json\/wp\/v2\/users\/1"}],"replies":[{"embeddable":true,"href":"https:\/\/fcgriopailacastilla.org\/site\/wp-json\/wp\/v2\/comments?post=2682"}],"version-history":[{"count":13,"href":"https:\/\/fcgriopailacastilla.org\/site\/wp-json\/wp\/v2\/pages\/2682\/revisions"}],"predecessor-version":[{"id":2934,"href":"https:\/\/fcgriopailacastilla.org\/site\/wp-json\/wp\/v2\/pages\/2682\/revisions\/2934"}],"wp:attachment":[{"href":"https:\/\/fcgriopailacastilla.org\/site\/wp-json\/wp\/v2\/media?parent=2682"}],"curies":[{"name":"wp","href":"https:\/\/api.w.org\/{rel}","templated":true}]}}