{"id":2367,"date":"2024-09-26T16:27:22","date_gmt":"2024-09-26T16:27:22","guid":{"rendered":"https:\/\/fcgriopailacastilla.org\/site\/?page_id=2367"},"modified":"2024-09-27T15:21:35","modified_gmt":"2024-09-27T15:21:35","slug":"terminos-de-referencia","status":"publish","type":"page","link":"https:\/\/fcgriopailacastilla.org\/site\/terminos-de-referencia\/","title":{"rendered":"T\u00e9rminos de referencia"},"content":{"rendered":"\n<figure class=\"wp-block-image\" style=\"margin: -100px 0 0 0;\"><img decoding=\"async\" src=\"https:\/\/fcgriopailacastilla.org\/site\/wp-content\/uploads\/2024\/09\/BANNER_TERMINOS-DE-REFERENCIA-1.jpg\" style=\"width:100%\" alt=\"BANNER_TERMINOS DE REFERENCIA\"\/><\/figure> \n\n\n\n<h2 class=\"wp-block-heading\">&nbsp;<\/h2>\n\n\n<div  class=\"ultp-post-grid-block wp-block-ultimate-post-post-list-3 ultp-block-b40db1\"><div class=\"ultp-block-wrapper\"><div class=\"ultp-loading\"><div class=\"ultp-loading-blocks\" style=\"width:100%;height:100%;\"><div style=\"left: 0;top: 0;animation-delay:0s;\"><\/div><div style=\"left: 21px;top: 0;animation-delay:0.125s;\"><\/div><div style=\"left: 42px;top: 0;animation-delay:0.25s;\"><\/div><div style=\"left: 0;top: 21px;animation-delay:0.875s;\"><\/div><div style=\"left: 42px;top: 21px;animation-delay:0.375s;\"><\/div><div style=\"left: 0;top: 42px;animation-delay:0.75s;\"><\/div><div style=\"left: 42px;top: 42px;animation-delay:0.625s;\"><\/div><div style=\"left: 21px;top: 42px;animation-delay:0.5s;\"><\/div><\/div><\/div><div class=\"ultp-block-items-wrap ultp-block-row ultp-block-column-1 ultp-block-content-middle ultp-layout1\"><div class=\"ultp-block-item ultp-block-media post-id-3294\"><div class=\"ultp-block-content-wrap\"><div class=\"ultp-block-content\"><div class=\"ultp-category-grid ultp-category-classic ultp-category-aboveTitle\"><div class=\"ultp-category-in\"><a class=\"ultp-cat-terminos-de-referencia\" href=\"https:\/\/fcgriopailacastilla.org\/site\/category\/terminos-de-referencia\/\"  >T\u00e9rminos de referencia\u00a0<\/a><\/div><\/div><h3 class=\"ultp-block-title \"><a href=\"https:\/\/fcgriopailacastilla.org\/site\/2025\/06\/03\/terminos-de-referencia-para-la-adquisicion-de-materiales-e-insumos-y-herramientas-agricolas\/\" >T\u00e9rminos de referencia para la adquisici\u00f3n de materiales e insumos y herramientas agr\u00edcolas<\/a><\/h3><div class=\"ultp-block-excerpt\"><p>Invitaci\u00f3n a cotizar: adquisici\u00f3n de materiales e insumos y herramientas agr\u00edcolas para fortalecer las actividades productivas agr\u00edcolas diversificadas con especial \u00e9nfasis en la producci\u00f3n de pl\u00e1tano, ma\u00edz, caf\u00e9 y acuapon\u00eda,&hellip;<\/p>\n<\/div><div class=\"ultp-block-readmore\"><a aria-label=\"T\u00e9rminos de referencia para la adquisici\u00f3n de materiales e insumos y herramientas agr\u00edcolas\" href=\"https:\/\/fcgriopailacastilla.org\/site\/2025\/06\/03\/terminos-de-referencia-para-la-adquisicion-de-materiales-e-insumos-y-herramientas-agricolas\/\" >Leer m\u00e1s<\/a><\/div><\/div><\/div><\/div><div class=\"ultp-block-item ultp-block-media post-id-2968\"><div class=\"ultp-block-content-wrap\"><div class=\"ultp-block-content\"><div class=\"ultp-category-grid ultp-category-classic ultp-category-aboveTitle\"><div class=\"ultp-category-in\"><a class=\"ultp-cat-terminos-de-referencia\" href=\"https:\/\/fcgriopailacastilla.org\/site\/category\/terminos-de-referencia\/\"  >T\u00e9rminos de referencia\u00a0<\/a><\/div><\/div><h3 class=\"ultp-block-title \"><a href=\"https:\/\/fcgriopailacastilla.org\/site\/2025\/04\/07\/terminos-de-referencia-para-adquisicion-de-materiales-e-insumos\/\" >T\u00e9rminos de referencia para adquisici\u00f3n de materiales e insumos<\/a><\/h3><div class=\"ultp-block-excerpt\"><p>Invitaci\u00f3n a cotizar: adquisici\u00f3n de materiales e insumos (paneles y materiales de conexi\u00f3n el\u00e9ctrica) para mejorar y estabilizar suministro el\u00e9ctrico en tres estanques de producci\u00f3n pisc\u00edcola con el fin de&hellip;<\/p>\n<\/div><div class=\"ultp-block-readmore\"><a aria-label=\"T\u00e9rminos de referencia para adquisici\u00f3n de materiales e insumos\" href=\"https:\/\/fcgriopailacastilla.org\/site\/2025\/04\/07\/terminos-de-referencia-para-adquisicion-de-materiales-e-insumos\/\" >Leer m\u00e1s<\/a><\/div><\/div><\/div><\/div><div class=\"ultp-block-item ultp-block-media post-id-2366\"><div class=\"ultp-block-content-wrap\"><div class=\"ultp-block-content\"><div class=\"ultp-category-grid ultp-category-classic ultp-category-aboveTitle\"><div class=\"ultp-category-in\"><a class=\"ultp-cat-terminos-de-referencia\" href=\"https:\/\/fcgriopailacastilla.org\/site\/category\/terminos-de-referencia\/\"  >T\u00e9rminos de referencia\u00a0<\/a><\/div><\/div><h3 class=\"ultp-block-title \"><a href=\"https:\/\/fcgriopailacastilla.org\/site\/2024\/09\/20\/terminos-de-referencia-proyecto-manos-al-campo\/\" >T\u00e9rminos de referencia: sistematizaci\u00f3n proyecto Manos al Campo<\/a><\/h3><div class=\"ultp-block-excerpt\"><p>Santiago de Cali, septiembre 20 de 2024 Dirigido a: Profesionales de sociolog\u00eda o antropolog\u00eda que tengan experiencia en sistematizaci\u00f3n de proyectos de intervenci\u00f3n social, preferiblemente relacionados con el fortalecimiento de&hellip;<\/p>\n<\/div><div class=\"ultp-block-readmore\"><a aria-label=\"T\u00e9rminos de referencia: sistematizaci\u00f3n proyecto Manos al Campo\" href=\"https:\/\/fcgriopailacastilla.org\/site\/2024\/09\/20\/terminos-de-referencia-proyecto-manos-al-campo\/\" >Leer m\u00e1s<\/a><\/div><\/div><\/div><\/div><div class=\"ultp-block-item ultp-block-media post-id-1151\"><div class=\"ultp-block-content-wrap\"><div class=\"ultp-block-content\"><div class=\"ultp-category-grid ultp-category-classic ultp-category-aboveTitle\"><div class=\"ultp-category-in\"><a class=\"ultp-cat-terminos-de-referencia\" href=\"https:\/\/fcgriopailacastilla.org\/site\/category\/terminos-de-referencia\/\"  >T\u00e9rminos de referencia\u00a0<\/a><\/div><\/div><h3 class=\"ultp-block-title \"><a href=\"https:\/\/fcgriopailacastilla.org\/site\/2023\/02\/01\/terminos-de-referencia-para-adquisicion-de-dotacion\/\" >T\u00e9rminos de Referencia para adquisici\u00f3n de dotaci\u00f3n<\/a><\/h3><div class=\"ultp-block-excerpt\"><p>Invitaci\u00f3n a cotizar suministro de ropa o vestido de labor para los operarios del centro de transformaci\u00f3n agroindustrial de harinas y snacks en el marco del proyecto Valle Rural Productivo&hellip;<\/p>\n<\/div><div class=\"ultp-block-readmore\"><a aria-label=\"T\u00e9rminos de Referencia para adquisici\u00f3n de dotaci\u00f3n\" href=\"https:\/\/fcgriopailacastilla.org\/site\/2023\/02\/01\/terminos-de-referencia-para-adquisicion-de-dotacion\/\" >Leer m\u00e1s<\/a><\/div><\/div><\/div><\/div><div class=\"ultp-block-item ultp-block-media post-id-2365\"><div class=\"ultp-block-content-wrap\"><div class=\"ultp-block-content\"><div class=\"ultp-category-grid ultp-category-classic ultp-category-aboveTitle\"><div class=\"ultp-category-in\"><a class=\"ultp-cat-terminos-de-referencia\" href=\"https:\/\/fcgriopailacastilla.org\/site\/category\/terminos-de-referencia\/\"  >T\u00e9rminos de referencia\u00a0<\/a><\/div><\/div><h3 class=\"ultp-block-title \"><a href=\"https:\/\/fcgriopailacastilla.org\/site\/2022\/08\/29\/tdr-insumos-paquetes-tecnologicos-productores-ii-convocatoria\/\" >TDR Insumos paquetes tecnol\u00f3gicos productores &#8211; II convocatoria<\/a><\/h3><div class=\"ultp-block-excerpt\"><p>Invitaci\u00f3n a cotizar suministro de insumos, materiales y herramientas para implementaci\u00f3n de paquetes tecnol\u00f3gicos en 68 unidades productivas de pl\u00e1tano y banano en el marco del proyecto c\u00f3digo 2019-2520003892 contrato&hellip;<\/p>\n<\/div><div class=\"ultp-block-readmore\"><a aria-label=\"TDR Insumos paquetes tecnol\u00f3gicos productores &#8211; II convocatoria\" href=\"https:\/\/fcgriopailacastilla.org\/site\/2022\/08\/29\/tdr-insumos-paquetes-tecnologicos-productores-ii-convocatoria\/\" >Leer m\u00e1s<\/a><\/div><\/div><\/div><\/div><div class=\"ultp-block-item ultp-block-media post-id-360\"><div class=\"ultp-block-content-wrap\"><div class=\"ultp-block-content\"><div class=\"ultp-category-grid ultp-category-classic ultp-category-aboveTitle\"><div class=\"ultp-category-in\"><a class=\"ultp-cat-terminos-de-referencia\" href=\"https:\/\/fcgriopailacastilla.org\/site\/category\/terminos-de-referencia\/\"  >T\u00e9rminos de referencia\u00a0<\/a><\/div><\/div><h3 class=\"ultp-block-title \"><a href=\"https:\/\/fcgriopailacastilla.org\/site\/2022\/08\/29\/terminos-de-referencia-para-material-vegetal-ii-convocatoria\/\" >T\u00e9rminos de Referencia para material vegetal &#8211; II convocatoria<\/a><\/h3><div class=\"ultp-block-excerpt\"><p>Invitaci\u00f3n a cotizar adquisici\u00f3n de material vegeral (colinos de pl\u00e1tano y banano) para renovaci\u00f3n de cutivos en 68 unidades productivas en el marco del proyecto Valle Rural Productivo y Sostenible&hellip;<\/p>\n<\/div><div class=\"ultp-block-readmore\"><a aria-label=\"T\u00e9rminos de Referencia para material vegetal &#8211; II convocatoria\" href=\"https:\/\/fcgriopailacastilla.org\/site\/2022\/08\/29\/terminos-de-referencia-para-material-vegetal-ii-convocatoria\/\" >Leer m\u00e1s<\/a><\/div><\/div><\/div><\/div><div class=\"ultp-block-item ultp-block-media post-id-2364\"><div class=\"ultp-block-content-wrap\"><div class=\"ultp-block-content\"><div class=\"ultp-category-grid ultp-category-classic ultp-category-aboveTitle\"><div class=\"ultp-category-in\"><a class=\"ultp-cat-terminos-de-referencia\" href=\"https:\/\/fcgriopailacastilla.org\/site\/category\/terminos-de-referencia\/\"  >T\u00e9rminos de referencia\u00a0<\/a><\/div><\/div><h3 class=\"ultp-block-title \"><a href=\"https:\/\/fcgriopailacastilla.org\/site\/2022\/08\/12\/terminos-de-referencia-material-vegetal\/\" >T\u00e9rminos de Referencia &#8211; Material vegetal<\/a><\/h3><div class=\"ultp-block-excerpt\"><p>Invitaci\u00f3n a cotizar adquisici\u00f3n de material vegeral (colinos de platano y banano) para renovaci\u00f3n de cutivos en 68 unidades productivas en el marco del proyecto Valle Rural Productivo y Sostenible&hellip;<\/p>\n<\/div><div class=\"ultp-block-readmore\"><a aria-label=\"T\u00e9rminos de Referencia &#8211; Material vegetal\" href=\"https:\/\/fcgriopailacastilla.org\/site\/2022\/08\/12\/terminos-de-referencia-material-vegetal\/\" >Leer m\u00e1s<\/a><\/div><\/div><\/div><\/div><div class=\"ultp-block-item ultp-block-media post-id-2363\"><div class=\"ultp-block-content-wrap\"><div class=\"ultp-block-content\"><div class=\"ultp-category-grid ultp-category-classic ultp-category-aboveTitle\"><div class=\"ultp-category-in\"><a class=\"ultp-cat-terminos-de-referencia\" href=\"https:\/\/fcgriopailacastilla.org\/site\/category\/terminos-de-referencia\/\"  >T\u00e9rminos de referencia\u00a0<\/a><\/div><\/div><h3 class=\"ultp-block-title \"><a href=\"https:\/\/fcgriopailacastilla.org\/site\/2022\/08\/12\/terminos-de-referencia-materiales-e-insumos-para-sistemas-silvopastoriles\/\" >T\u00e9rminos de Referencia &#8211; Materiales e insumos para sistemas silvopastoriles<\/a><\/h3><div class=\"ultp-block-excerpt\"><p>Invitaci\u00f3n a cotizar suministro de herramientas, materiales e insumos para implementaci\u00f3n de 20 h\u00e9ctareas de sistemas silvopastoriles en el marco del proyecto c\u00f3digo&nbsp;2019-2520003892 contrato # 792 de 2020. A continuaci\u00f3n,&hellip;<\/p>\n<\/div><div class=\"ultp-block-readmore\"><a aria-label=\"T\u00e9rminos de Referencia &#8211; Materiales e insumos para sistemas silvopastoriles\" href=\"https:\/\/fcgriopailacastilla.org\/site\/2022\/08\/12\/terminos-de-referencia-materiales-e-insumos-para-sistemas-silvopastoriles\/\" >Leer m\u00e1s<\/a><\/div><\/div><\/div><\/div><div class=\"ultp-block-item ultp-block-media post-id-2362\"><div class=\"ultp-block-content-wrap\"><div class=\"ultp-block-content\"><div class=\"ultp-category-grid ultp-category-classic ultp-category-aboveTitle\"><div class=\"ultp-category-in\"><a class=\"ultp-cat-terminos-de-referencia\" href=\"https:\/\/fcgriopailacastilla.org\/site\/category\/terminos-de-referencia\/\"  >T\u00e9rminos de referencia\u00a0<\/a><\/div><\/div><h3 class=\"ultp-block-title \"><a href=\"https:\/\/fcgriopailacastilla.org\/site\/2022\/08\/11\/terminos-de-referencia-insumos-paquetes-tecnologicos-productores\/\" >T\u00e9rminos de Referencia &#8211; Insumos paquetes tecnol\u00f3gicos productores<\/a><\/h3><div class=\"ultp-block-excerpt\"><p>Invitaci\u00f3n a cotizar suministro de insumos, materiales y herramientas para implementaci\u00f3n de paquetes tecnol\u00f3gicos en 68 unidades productivas de pl\u00e1tano y banano en el marco del proyecto c\u00f3digo 2019-2520003892 contrato&hellip;<\/p>\n<\/div><div class=\"ultp-block-readmore\"><a aria-label=\"T\u00e9rminos de Referencia &#8211; Insumos paquetes tecnol\u00f3gicos productores\" href=\"https:\/\/fcgriopailacastilla.org\/site\/2022\/08\/11\/terminos-de-referencia-insumos-paquetes-tecnologicos-productores\/\" >Leer m\u00e1s<\/a><\/div><\/div><\/div><\/div><div class=\"ultp-block-item ultp-block-media post-id-349\"><div class=\"ultp-block-content-wrap\"><div class=\"ultp-block-content\"><div class=\"ultp-category-grid ultp-category-classic ultp-category-aboveTitle\"><div class=\"ultp-category-in\"><a class=\"ultp-cat-terminos-de-referencia\" href=\"https:\/\/fcgriopailacastilla.org\/site\/category\/terminos-de-referencia\/\"  >T\u00e9rminos de referencia\u00a0<\/a><\/div><\/div><h3 class=\"ultp-block-title \"><a href=\"https:\/\/fcgriopailacastilla.org\/site\/2022\/05\/23\/terminos-de-referencia-para-la-compra-de-herramientas-materiales-e-insumos\/\" >T\u00c9RMINOS DE REFERENCIA PARA LA COMPRA DE HERRAMIENTAS, MATERIALES E INSUMOS<\/a><\/h3><div class=\"ultp-block-excerpt\"><p>A continuaci\u00f3n, se encuentran los t\u00e9rminos de referencia para la compra de herramientas, materiales e insumos&nbsp;para establecimiento de sistemas silvopastoriles en 20 hect\u00e1reas en el Resguardo Ind\u00edgena Triunfo Cristal P\u00e1ez.&nbsp;&nbsp;Proyecto&hellip;<\/p>\n<\/div><div class=\"ultp-block-readmore\"><a aria-label=\"T\u00c9RMINOS DE REFERENCIA PARA LA COMPRA DE HERRAMIENTAS, MATERIALES E INSUMOS\" href=\"https:\/\/fcgriopailacastilla.org\/site\/2022\/05\/23\/terminos-de-referencia-para-la-compra-de-herramientas-materiales-e-insumos\/\" >Leer m\u00e1s<\/a><\/div><\/div><\/div><\/div><div class=\"ultp-block-item ultp-block-media post-id-2361\"><div class=\"ultp-block-content-wrap\"><div class=\"ultp-block-content\"><div class=\"ultp-category-grid ultp-category-classic ultp-category-aboveTitle\"><div class=\"ultp-category-in\"><a class=\"ultp-cat-terminos-de-referencia\" href=\"https:\/\/fcgriopailacastilla.org\/site\/category\/terminos-de-referencia\/\"  >T\u00e9rminos de referencia\u00a0<\/a><\/div><\/div><h3 class=\"ultp-block-title \"><a href=\"https:\/\/fcgriopailacastilla.org\/site\/2022\/03\/29\/terminos-de-referencia-y-especificaciones-tecnicas\/\" >T\u00e9rminos de Referencia y Especificaciones T\u00e9cnicas<\/a><\/h3><div class=\"ultp-block-excerpt\"><p>A continuaci\u00f3n, se encuentran los t\u00e9rminos de referencia para adquisici\u00f3n de guada\u00f1as y las especificaciones t\u00e9cnicas para el suministro de dotaci\u00f3n para el personal del Centro de Acopio:<\/p>\n<\/div><div class=\"ultp-block-readmore\"><a aria-label=\"T\u00e9rminos de Referencia y Especificaciones T\u00e9cnicas\" href=\"https:\/\/fcgriopailacastilla.org\/site\/2022\/03\/29\/terminos-de-referencia-y-especificaciones-tecnicas\/\" >Leer m\u00e1s<\/a><\/div><\/div><\/div><\/div><div class=\"ultp-block-item ultp-block-media post-id-2360\"><div class=\"ultp-block-content-wrap\"><div class=\"ultp-block-content\"><div class=\"ultp-category-grid ultp-category-classic ultp-category-aboveTitle\"><div class=\"ultp-category-in\"><a class=\"ultp-cat-terminos-de-referencia\" href=\"https:\/\/fcgriopailacastilla.org\/site\/category\/terminos-de-referencia\/\"  >T\u00e9rminos de referencia\u00a0<\/a><\/div><\/div><h3 class=\"ultp-block-title \"><a href=\"https:\/\/fcgriopailacastilla.org\/site\/2021\/12\/14\/nueva-convocatoria-para-la-sistematizacion-del-estudio-de-caso-proyecto-valle-rural-productivo-y-sostenible\/\" >Nueva convocatoria para la Sistematizaci\u00f3n del Estudio de Caso, Proyecto \u00abValle Rural, Productivo y Sostenible\u00bb<\/a><\/h3><div class=\"ultp-block-excerpt\"><p>Nueva convocatoria para la Sistematizaci\u00f3n del Estudio de Caso, Proyecto \u00abValle Rural, Productivo y Sostenible\u00bb. La Fundaci\u00f3n Caicedo Gonz\u00e1lez Riopaila Castilla en su condici\u00f3n de entidad ejecutora elegible del contrato&hellip;<\/p>\n<\/div><div class=\"ultp-block-readmore\"><a aria-label=\"Nueva convocatoria para la Sistematizaci\u00f3n del Estudio de Caso, Proyecto \u00abValle Rural, Productivo y Sostenible\u00bb\" href=\"https:\/\/fcgriopailacastilla.org\/site\/2021\/12\/14\/nueva-convocatoria-para-la-sistematizacion-del-estudio-de-caso-proyecto-valle-rural-productivo-y-sostenible\/\" >Leer m\u00e1s<\/a><\/div><\/div><\/div><\/div><div class=\"ultp-block-item ultp-block-media post-id-2359\"><div class=\"ultp-block-content-wrap\"><div class=\"ultp-block-content\"><div class=\"ultp-category-grid ultp-category-classic ultp-category-aboveTitle\"><div class=\"ultp-category-in\"><a class=\"ultp-cat-terminos-de-referencia\" href=\"https:\/\/fcgriopailacastilla.org\/site\/category\/terminos-de-referencia\/\"  >T\u00e9rminos de referencia\u00a0<\/a><\/div><\/div><h3 class=\"ultp-block-title \"><a href=\"https:\/\/fcgriopailacastilla.org\/site\/2021\/10\/04\/convocatoria-para-la-sistematizacion-estudio-de-caso-proyecto-valle-rural-productivo-y-sostenible\/\" >Convocatoria para la Sistematizaci\u00f3n Estudio de Caso, Proyecto \u00abValle Rural Productivo y Sostenible\u00bb<\/a><\/h3><div class=\"ultp-block-excerpt\"><p>Convocatoria para la Sistematizaci\u00f3n Estudio de Caso, Proyecto \u201cValle Rural Productivo y Sostenible\u201d La Fundaci\u00f3n Caicedo Gonz\u00e1lez Riopaila Castilla en su condici\u00f3n de entidad ejecutora elegible del contrato 792 de&hellip;<\/p>\n<\/div><div class=\"ultp-block-readmore\"><a aria-label=\"Convocatoria para la Sistematizaci\u00f3n Estudio de Caso, Proyecto \u00abValle Rural Productivo y Sostenible\u00bb\" href=\"https:\/\/fcgriopailacastilla.org\/site\/2021\/10\/04\/convocatoria-para-la-sistematizacion-estudio-de-caso-proyecto-valle-rural-productivo-y-sostenible\/\" >Leer m\u00e1s<\/a><\/div><\/div><\/div><\/div><\/div><\/div><div class=\"pagination-block-html\" aria-hidden=\"true\" style=\"display: none;\"><\/div><\/div>\n\n\n<p><\/p>\n","protected":false},"excerpt":{"rendered":"<p>&nbsp;<\/p>\n","protected":false},"author":1,"featured_media":0,"parent":0,"menu_order":0,"comment_status":"closed","ping_status":"closed","template":"page-templates\/page-full-width.php","meta":{"footnotes":""},"class_list":["post-2367","page","type-page","status-publish","hentry"],"_links":{"self":[{"href":"https:\/\/fcgriopailacastilla.org\/site\/wp-json\/wp\/v2\/pages\/2367","targetHints":{"allow":["GET"]}}],"collection":[{"href":"https:\/\/fcgriopailacastilla.org\/site\/wp-json\/wp\/v2\/pages"}],"about":[{"href":"https:\/\/fcgriopailacastilla.org\/site\/wp-json\/wp\/v2\/types\/page"}],"author":[{"embeddable":true,"href":"https:\/\/fcgriopailacastilla.org\/site\/wp-json\/wp\/v2\/users\/1"}],"replies":[{"embeddable":true,"href":"https:\/\/fcgriopailacastilla.org\/site\/wp-json\/wp\/v2\/comments?post=2367"}],"version-history":[{"count":14,"href":"https:\/\/fcgriopailacastilla.org\/site\/wp-json\/wp\/v2\/pages\/2367\/revisions"}],"predecessor-version":[{"id":2663,"href":"https:\/\/fcgriopailacastilla.org\/site\/wp-json\/wp\/v2\/pages\/2367\/revisions\/2663"}],"wp:attachment":[{"href":"https:\/\/fcgriopailacastilla.org\/site\/wp-json\/wp\/v2\/media?parent=2367"}],"curies":[{"name":"wp","href":"https:\/\/api.w.org\/{rel}","templated":true}]}}