{"id":1461,"date":"2024-09-18T22:18:07","date_gmt":"2024-09-18T22:18:07","guid":{"rendered":"https:\/\/fcgriopailacastilla.org\/site\/?page_id=1461"},"modified":"2026-03-31T13:09:02","modified_gmt":"2026-03-31T13:09:02","slug":"noticias-y-comunicados","status":"publish","type":"page","link":"https:\/\/fcgriopailacastilla.org\/site\/noticias-y-comunicados\/","title":{"rendered":"Noticias y comunicados"},"content":{"rendered":"\t\t<div data-elementor-type=\"wp-page\" data-elementor-id=\"1461\" class=\"elementor elementor-1461\">\n\t\t\t\t<div class=\"elementor-element elementor-element-34c6251 e-con-full e-flex e-con e-parent\" data-id=\"34c6251\" data-element_type=\"container\" data-settings=\"{&quot;background_background&quot;:&quot;classic&quot;}\">\n\t\t\t\t<div class=\"elementor-element elementor-element-f87436f elementor-arrows-position-inside elementor-pagination-position-outside elementor-widget elementor-widget-image-carousel\" data-id=\"f87436f\" data-element_type=\"widget\" data-settings=\"{&quot;slides_to_show&quot;:&quot;1&quot;,&quot;navigation&quot;:&quot;both&quot;,&quot;autoplay&quot;:&quot;yes&quot;,&quot;pause_on_hover&quot;:&quot;yes&quot;,&quot;pause_on_interaction&quot;:&quot;yes&quot;,&quot;autoplay_speed&quot;:5000,&quot;infinite&quot;:&quot;yes&quot;,&quot;effect&quot;:&quot;slide&quot;,&quot;speed&quot;:500}\" data-widget_type=\"image-carousel.default\">\n\t\t\t\t<div class=\"elementor-widget-container\">\n\t\t\t\t\t<div class=\"elementor-image-carousel-wrapper swiper\" dir=\"ltr\">\n\t\t\t<div class=\"elementor-image-carousel swiper-wrapper swiper-image-stretch\" aria-live=\"off\">\n\t\t\t\t\t\t\t\t<div class=\"swiper-slide\" role=\"group\" aria-roledescription=\"slide\" aria-label=\"1 de 1\"><figure class=\"swiper-slide-inner\"><img decoding=\"async\" class=\"swiper-slide-image\" src=\"https:\/\/fcgriopailacastilla.org\/site\/wp-content\/uploads\/2024\/09\/BANNER-NOTICIAS-Y-COMUNICADOS_Mesa-de-trabajo-1-copia-7.jpg\" alt=\"BANNER NOTICIAS Y COMUNICADOS_Mesa de trabajo 1 copia 7\" \/><\/figure><\/div>\t\t\t<\/div>\n\t\t\t\t\t<\/div>\n\t\t\t\t<\/div>\n\t\t\t\t<\/div>\n\t\t\t\t<\/div>\n\t\t<div class=\"elementor-element elementor-element-70bc853 e-con-full e-flex e-con e-parent\" data-id=\"70bc853\" data-element_type=\"container\">\n\t\t\t\t<div class=\"elementor-element elementor-element-3d9acbe elementor-widget elementor-widget-gutenberg-post-blocks\" data-id=\"3d9acbe\" data-element_type=\"widget\" data-widget_type=\"gutenberg-post-blocks.default\">\n\t\t\t\t<div class=\"elementor-widget-container\">\n\t\t\t<div class=\"ultp-shortcode\" data-postid=\"1465\">\n<h4 class=\"wp-block-heading\">Lo nuevo<\/h4>\n\n\n<div  class=\"wp-block-ultimate-post-post-slider-1 ultp-block-f4a5b6\"><div class=\"ultp-block-wrapper\"><div class=\"ultp-block-items-wrap\" data-arrows=\"1\" data-dots=\"\" data-autoplay=\"1\" data-slidespeed=\"3000\" data-fade=\"1\" data-slidelg=\"2\" data-slidesm=\"1\" data-slidexs=\"1\"><div class=\"ultp-block-item post-id-3474\"><div><div class=\"ultp-block-slider-wrap\"><div class=\"ultp-block-image-inner\"><div class=\"ultp-block-image \"><a href=\"https:\/\/fcgriopailacastilla.org\/site\/2026\/03\/30\/de-la-siembra-a-la-conservacion-valle-rural-productivo-y-sostenible-transforma-territorios\/\" ><img decoding=\"async\"  alt=\"De la siembra a la conservaci\u00f3n: Valle Rural Productivo y Sostenible transforma territorios en Florida, Valle del Cauca\"  src=\"https:\/\/fcgriopailacastilla.org\/site\/wp-content\/uploads\/2026\/03\/WhatsApp-Image-2026-03-20-at-2.23.58-PM.jpeg\" \/><\/a><\/div><\/div><div class=\"ultp-block-content ultp-block-content-bottomPosition ultp-block-content-centerPosition\"><div class=\"ultp-block-content-inner\"><h5 class=\"ultp-block-title \"><a href=\"https:\/\/fcgriopailacastilla.org\/site\/2026\/03\/30\/de-la-siembra-a-la-conservacion-valle-rural-productivo-y-sostenible-transforma-territorios\/\" >De la siembra a la conservaci\u00f3n: Valle Rural Productivo y Sostenible transforma territorios en Florida, Valle del Cauca<\/a><\/h5><div class=\"ultp-block-excerpt\"><p>Una alianza entre el Fondo Colombia en Paz \u2013 Programa Colombia Sostenible, la Fundaci\u00f3n Fondo Agua por la&hellip;<\/p>\n<\/div><div class=\"ultp-block-readmore\"><a aria-label=\"De la siembra a la conservaci\u00f3n: Valle Rural Productivo y Sostenible transforma territorios en Florida, Valle del Cauca\" href=\"https:\/\/fcgriopailacastilla.org\/site\/2026\/03\/30\/de-la-siembra-a-la-conservacion-valle-rural-productivo-y-sostenible-transforma-territorios\/\" >Leer m\u00e1s<svg xmlns=\"http:\/\/www.w3.org\/2000\/svg\" viewBox=\"0 0 49.16 37.25\"><path stroke=\"rgba(0,0,0,0)\" stroke-miterlimit=\"10\" d=\"M28.1 36.154a2.048 2.048 0 0 1 0-2.9l12.5-12.5H2.55a2.05 2.05 0 1 1 0-4.1H40.6l-12.5-12.5a2.05 2.05 0 1 1 2.9-2.9l17.45 17.448L31 36.154a2.047 2.047 0 0 1-2.9 0Z\"\/><\/svg><\/a><\/div><\/div><\/div><\/div><\/div><\/div><div class=\"ultp-block-item post-id-1459\"><div><div class=\"ultp-block-slider-wrap\"><div class=\"ultp-block-image-inner\"><div class=\"ultp-block-image \"><a href=\"https:\/\/fcgriopailacastilla.org\/site\/2024\/06\/23\/historias-para-contar\/\" ><img decoding=\"async\"  alt=\"Historias para contar\"  src=\"https:\/\/fcgriopailacastilla.org\/site\/wp-content\/uploads\/2024\/06\/Imagen5-1.jpg\" \/><\/a><\/div><\/div><div class=\"ultp-block-content ultp-block-content-bottomPosition ultp-block-content-centerPosition\"><div class=\"ultp-block-content-inner\"><h5 class=\"ultp-block-title \"><a href=\"https:\/\/fcgriopailacastilla.org\/site\/2024\/06\/23\/historias-para-contar\/\" >Historias para contar<\/a><\/h5><div class=\"ultp-block-excerpt\"><p>En un peque\u00f1o rinc\u00f3n escondido de su casa, Cindy estableci\u00f3 su huerta en octubre de 2023. La llama&hellip;<\/p>\n<\/div><div class=\"ultp-block-readmore\"><a aria-label=\"Historias para contar\" href=\"https:\/\/fcgriopailacastilla.org\/site\/2024\/06\/23\/historias-para-contar\/\" >Leer m\u00e1s<svg xmlns=\"http:\/\/www.w3.org\/2000\/svg\" viewBox=\"0 0 49.16 37.25\"><path stroke=\"rgba(0,0,0,0)\" stroke-miterlimit=\"10\" d=\"M28.1 36.154a2.048 2.048 0 0 1 0-2.9l12.5-12.5H2.55a2.05 2.05 0 1 1 0-4.1H40.6l-12.5-12.5a2.05 2.05 0 1 1 2.9-2.9l17.45 17.448L31 36.154a2.047 2.047 0 0 1-2.9 0Z\"\/><\/svg><\/a><\/div><\/div><\/div><\/div><\/div><\/div><div class=\"ultp-block-item post-id-1416\"><div><div class=\"ultp-block-slider-wrap\"><div class=\"ultp-block-image-inner\"><div class=\"ultp-block-image \"><a href=\"https:\/\/fcgriopailacastilla.org\/site\/2024\/04\/29\/aldeas-conectamos-humanidad-para-el-desarrollo-de-los-territorios\/\" ><img decoding=\"async\"  alt=\"ALDEAS: Conectamos humanidad para el desarrollo de los territorios\"  src=\"https:\/\/fcgriopailacastilla.org\/site\/wp-content\/uploads\/2024\/04\/20240425_180227738_iOS-1280x960-1.jpg\" \/><\/a><\/div><\/div><div class=\"ultp-block-content ultp-block-content-bottomPosition ultp-block-content-centerPosition\"><div class=\"ultp-block-content-inner\"><h5 class=\"ultp-block-title \"><a href=\"https:\/\/fcgriopailacastilla.org\/site\/2024\/04\/29\/aldeas-conectamos-humanidad-para-el-desarrollo-de-los-territorios\/\" >ALDEAS: Conectamos humanidad para el desarrollo de los territorios<\/a><\/h5><div class=\"ultp-block-excerpt\"><p>ALDEAS, la alianza para el Desarrollo Econ\u00f3mico, Social y Ambiental que promueve oportunidades para mejorar las condiciones de&hellip;<\/p>\n<\/div><div class=\"ultp-block-readmore\"><a aria-label=\"ALDEAS: Conectamos humanidad para el desarrollo de los territorios\" href=\"https:\/\/fcgriopailacastilla.org\/site\/2024\/04\/29\/aldeas-conectamos-humanidad-para-el-desarrollo-de-los-territorios\/\" >Leer m\u00e1s<svg xmlns=\"http:\/\/www.w3.org\/2000\/svg\" viewBox=\"0 0 49.16 37.25\"><path stroke=\"rgba(0,0,0,0)\" stroke-miterlimit=\"10\" d=\"M28.1 36.154a2.048 2.048 0 0 1 0-2.9l12.5-12.5H2.55a2.05 2.05 0 1 1 0-4.1H40.6l-12.5-12.5a2.05 2.05 0 1 1 2.9-2.9l17.45 17.448L31 36.154a2.047 2.047 0 0 1-2.9 0Z\"\/><\/svg><\/a><\/div><\/div><\/div><\/div><\/div><\/div><div class=\"ultp-block-item post-id-1350\"><div><div class=\"ultp-block-slider-wrap\"><div class=\"ultp-block-image-inner\"><div class=\"ultp-block-image \"><a href=\"https:\/\/fcgriopailacastilla.org\/site\/2024\/04\/05\/conectamos-humanidad-para-el-desarrollo-de-los-territorios\/\" ><img decoding=\"async\"  alt=\"Conectamos humanidad para el desarrollo de los territorios\"  src=\"https:\/\/fcgriopailacastilla.org\/site\/wp-content\/uploads\/2024\/04\/Imagen6.jpg\" \/><\/a><\/div><\/div><div class=\"ultp-block-content ultp-block-content-bottomPosition ultp-block-content-centerPosition\"><div class=\"ultp-block-content-inner\"><h5 class=\"ultp-block-title \"><a href=\"https:\/\/fcgriopailacastilla.org\/site\/2024\/04\/05\/conectamos-humanidad-para-el-desarrollo-de-los-territorios\/\" >Conectamos humanidad para el desarrollo de los territorios<\/a><\/h5><div class=\"ultp-block-excerpt\"><p>\u201cNecesitamos salir adelante como comunidad, mejorar nuestras condiciones de vida; que los ni\u00f1os tengan un mejor futuro, familias&hellip;<\/p>\n<\/div><div class=\"ultp-block-readmore\"><a aria-label=\"Conectamos humanidad para el desarrollo de los territorios\" href=\"https:\/\/fcgriopailacastilla.org\/site\/2024\/04\/05\/conectamos-humanidad-para-el-desarrollo-de-los-territorios\/\" >Leer m\u00e1s<svg xmlns=\"http:\/\/www.w3.org\/2000\/svg\" viewBox=\"0 0 49.16 37.25\"><path stroke=\"rgba(0,0,0,0)\" stroke-miterlimit=\"10\" d=\"M28.1 36.154a2.048 2.048 0 0 1 0-2.9l12.5-12.5H2.55a2.05 2.05 0 1 1 0-4.1H40.6l-12.5-12.5a2.05 2.05 0 1 1 2.9-2.9l17.45 17.448L31 36.154a2.047 2.047 0 0 1-2.9 0Z\"\/><\/svg><\/a><\/div><\/div><\/div><\/div><\/div><\/div><div class=\"ultp-block-item post-id-1296\"><div><div class=\"ultp-block-slider-wrap\"><div class=\"ultp-block-image-inner\"><div class=\"ultp-block-image \"><a href=\"https:\/\/fcgriopailacastilla.org\/site\/2023\/09\/15\/el-ministerio-de-educacion-fundacion-caicedo-gonzalez-riopaila-castilla-alcaldia-de-florida-universidad-del-valle-propacifico-y-otros-aliados-establecen-acuerdos-para-que-mas-de-3000-estudiantes-a\/\" ><img decoding=\"async\"  alt=\"El Ministerio de Educaci\u00f3n, Fundaci\u00f3n Caicedo Gonz\u00e1lez Riopaila Castilla, Alcald\u00eda de Florida, Universidad del Valle, Propac\u00edfico y otros aliados establecen acuerdos para que m\u00e1s de 3000 estudiantes accedan a la educaci\u00f3n superior\"  src=\"https:\/\/fcgriopailacastilla.org\/site\/wp-content\/uploads\/2023\/09\/image00003.jpeg\" \/><\/a><\/div><\/div><div class=\"ultp-block-content ultp-block-content-bottomPosition ultp-block-content-centerPosition\"><div class=\"ultp-block-content-inner\"><h5 class=\"ultp-block-title \"><a href=\"https:\/\/fcgriopailacastilla.org\/site\/2023\/09\/15\/el-ministerio-de-educacion-fundacion-caicedo-gonzalez-riopaila-castilla-alcaldia-de-florida-universidad-del-valle-propacifico-y-otros-aliados-establecen-acuerdos-para-que-mas-de-3000-estudiantes-a\/\" >El Ministerio de Educaci\u00f3n, Fundaci\u00f3n Caicedo Gonz\u00e1lez Riopaila Castilla, Alcald\u00eda de Florida, Universidad del Valle, Propac\u00edfico y otros aliados establecen acuerdos para que m\u00e1s de 3000 estudiantes accedan a la educaci\u00f3n superior<\/a><\/h5><div class=\"ultp-block-excerpt\"><p>&#8211; Los acuerdos discutidos est\u00e1n relacionados con la construcci\u00f3n de la infraestructura educativa del Campus Universitario en Florida,&hellip;<\/p>\n<\/div><div class=\"ultp-block-readmore\"><a aria-label=\"El Ministerio de Educaci\u00f3n, Fundaci\u00f3n Caicedo Gonz\u00e1lez Riopaila Castilla, Alcald\u00eda de Florida, Universidad del Valle, Propac\u00edfico y otros aliados establecen acuerdos para que m\u00e1s de 3000 estudiantes accedan a la educaci\u00f3n superior\" href=\"https:\/\/fcgriopailacastilla.org\/site\/2023\/09\/15\/el-ministerio-de-educacion-fundacion-caicedo-gonzalez-riopaila-castilla-alcaldia-de-florida-universidad-del-valle-propacifico-y-otros-aliados-establecen-acuerdos-para-que-mas-de-3000-estudiantes-a\/\" >Leer m\u00e1s<svg xmlns=\"http:\/\/www.w3.org\/2000\/svg\" viewBox=\"0 0 49.16 37.25\"><path stroke=\"rgba(0,0,0,0)\" stroke-miterlimit=\"10\" d=\"M28.1 36.154a2.048 2.048 0 0 1 0-2.9l12.5-12.5H2.55a2.05 2.05 0 1 1 0-4.1H40.6l-12.5-12.5a2.05 2.05 0 1 1 2.9-2.9l17.45 17.448L31 36.154a2.047 2.047 0 0 1-2.9 0Z\"\/><\/svg><\/a><\/div><\/div><\/div><\/div><\/div><\/div><\/div><div class=\"ultp-slick-nav\" style=\"display:none\"><div class=\"ultp-slick-prev\"><div class=\"slick-arrow slick-prev\"><svg enable-background=\"new 0 0 477.175 477.175\" version=\"1.1\" viewBox=\"0 0 477.18 477.18\"><path d=\"m145.19 238.58 215.5-215.5c5.3-5.3 5.3-13.8 0-19.1s-13.8-5.3-19.1 0l-225.1 225.1c-5.3 5.3-5.3 13.8 0 19.1l225.1 225c2.6 2.6 6.1 4 9.5 4s6.9-1.3 9.5-4c5.3-5.3 5.3-13.8 0-19.1l-215.4-215.5z\"><\/path><\/svg><\/div><\/div><div class=\"ultp-slick-next\"><div class=\"slick-arrow slick-next\"><svg enable-background=\"new 0 0 477.175 477.175\" version=\"1.1\" viewBox=\"0 0 477.18 477.18\"><path d=\"m360.73 229.08-225.1-225.1c-5.3-5.3-13.8-5.3-19.1 0s-5.3 13.8 0 19.1l215.5 215.5-215.5 215.5c-5.3 5.3-5.3 13.8 0 19.1 2.6 2.6 6.1 4 9.5 4s6.9-1.3 9.5-4l225.1-225.1c5.3-5.2 5.3-13.8 0.1-19z\"><\/path><\/svg><\/div><\/div><\/div><\/div><\/div>\n\n\n<p><br><br><\/p>\n\n\n\n<hr class=\"wp-block-separator has-text-color has-cyan-bluish-gray-color has-alpha-channel-opacity has-cyan-bluish-gray-background-color has-background is-style-wide\"\/>\n\n\n\n<h4 class=\"wp-block-heading\">Recomendados<\/h4>\n\n\n<div  class=\"wp-block-ultimate-post-post-slider-1 ultp-block-9020ca\"><div class=\"ultp-block-wrapper\"><div class=\"ultp-block-items-wrap\" data-arrows=\"1\" data-dots=\"\" data-autoplay=\"1\" data-slidespeed=\"3000\" data-fade=\"1\" data-slidelg=\"3\" data-slidesm=\"1\" data-slidexs=\"1\"><div class=\"ultp-block-item post-id-1296\"><div><div class=\"ultp-block-slider-wrap\"><div class=\"ultp-block-image-inner\"><div class=\"ultp-block-image \"><a href=\"https:\/\/fcgriopailacastilla.org\/site\/2023\/09\/15\/el-ministerio-de-educacion-fundacion-caicedo-gonzalez-riopaila-castilla-alcaldia-de-florida-universidad-del-valle-propacifico-y-otros-aliados-establecen-acuerdos-para-que-mas-de-3000-estudiantes-a\/\" ><img decoding=\"async\"  alt=\"El Ministerio de Educaci\u00f3n, Fundaci\u00f3n Caicedo Gonz\u00e1lez Riopaila Castilla, Alcald\u00eda de Florida, Universidad del Valle, Propac\u00edfico y otros aliados establecen acuerdos para que m\u00e1s de 3000 estudiantes accedan a la educaci\u00f3n superior\"  src=\"https:\/\/fcgriopailacastilla.org\/site\/wp-content\/uploads\/2023\/09\/image00003.jpeg\" \/><\/a><\/div><\/div><div class=\"ultp-block-content ultp-block-content-bottomPosition ultp-block-content-rightPosition\"><div class=\"ultp-block-content-inner\"><h5 class=\"ultp-block-title \"><a href=\"https:\/\/fcgriopailacastilla.org\/site\/2023\/09\/15\/el-ministerio-de-educacion-fundacion-caicedo-gonzalez-riopaila-castilla-alcaldia-de-florida-universidad-del-valle-propacifico-y-otros-aliados-establecen-acuerdos-para-que-mas-de-3000-estudiantes-a\/\" >El Ministerio de Educaci\u00f3n, Fundaci\u00f3n Caicedo Gonz\u00e1lez Riopaila Castilla, Alcald\u00eda de Florida, Universidad del Valle, Propac\u00edfico y otros aliados establecen acuerdos para que m\u00e1s de 3000 estudiantes accedan a la educaci\u00f3n superior<\/a><\/h5><div class=\"ultp-block-excerpt\"><p>&#8211; Los acuerdos discutidos est\u00e1n relacionados con la construcci\u00f3n de la infraestructura educativa del Campus Universitario en Florida,&hellip;<\/p>\n<\/div><div class=\"ultp-block-readmore\"><a aria-label=\"El Ministerio de Educaci\u00f3n, Fundaci\u00f3n Caicedo Gonz\u00e1lez Riopaila Castilla, Alcald\u00eda de Florida, Universidad del Valle, Propac\u00edfico y otros aliados establecen acuerdos para que m\u00e1s de 3000 estudiantes accedan a la educaci\u00f3n superior\" href=\"https:\/\/fcgriopailacastilla.org\/site\/2023\/09\/15\/el-ministerio-de-educacion-fundacion-caicedo-gonzalez-riopaila-castilla-alcaldia-de-florida-universidad-del-valle-propacifico-y-otros-aliados-establecen-acuerdos-para-que-mas-de-3000-estudiantes-a\/\" >Leer m\u00e1s<svg xmlns=\"http:\/\/www.w3.org\/2000\/svg\" viewBox=\"0 0 49.16 37.25\"><path stroke=\"rgba(0,0,0,0)\" stroke-miterlimit=\"10\" d=\"M28.1 36.154a2.048 2.048 0 0 1 0-2.9l12.5-12.5H2.55a2.05 2.05 0 1 1 0-4.1H40.6l-12.5-12.5a2.05 2.05 0 1 1 2.9-2.9l17.45 17.448L31 36.154a2.047 2.047 0 0 1-2.9 0Z\"\/><\/svg><\/a><\/div><\/div><\/div><\/div><\/div><\/div><div class=\"ultp-block-item post-id-1287\"><div><div class=\"ultp-block-slider-wrap\"><div class=\"ultp-block-image-inner\"><div class=\"ultp-block-image \"><a href=\"https:\/\/fcgriopailacastilla.org\/site\/2023\/08\/22\/con-mas-de-80-estudiantes-se-abren-las-puertas-a-las-carreras-universitarias-en-el-nodo-univalle-florida\/\" ><img decoding=\"async\"  alt=\"Con m\u00e1s de 80 estudiantes se abren las puertas a las carreras universitarias en el Nodo Univalle Florida\"  src=\"https:\/\/fcgriopailacastilla.org\/site\/wp-content\/uploads\/2023\/08\/20230818_163101948_iOS-1280x960-1.jpg\" \/><\/a><\/div><\/div><div class=\"ultp-block-content ultp-block-content-bottomPosition ultp-block-content-rightPosition\"><div class=\"ultp-block-content-inner\"><h5 class=\"ultp-block-title \"><a href=\"https:\/\/fcgriopailacastilla.org\/site\/2023\/08\/22\/con-mas-de-80-estudiantes-se-abren-las-puertas-a-las-carreras-universitarias-en-el-nodo-univalle-florida\/\" >Con m\u00e1s de 80 estudiantes se abren las puertas a las carreras universitarias en el Nodo Univalle Florida<\/a><\/h5><div class=\"ultp-block-excerpt\"><p>La Fundaci\u00f3n Caicedo Gonz\u00e1lez Riopaila Castilla, la Universidad del Valle y la alcald\u00eda municipal de Florida impulsan la&hellip;<\/p>\n<\/div><div class=\"ultp-block-readmore\"><a aria-label=\"Con m\u00e1s de 80 estudiantes se abren las puertas a las carreras universitarias en el Nodo Univalle Florida\" href=\"https:\/\/fcgriopailacastilla.org\/site\/2023\/08\/22\/con-mas-de-80-estudiantes-se-abren-las-puertas-a-las-carreras-universitarias-en-el-nodo-univalle-florida\/\" >Leer m\u00e1s<svg xmlns=\"http:\/\/www.w3.org\/2000\/svg\" viewBox=\"0 0 49.16 37.25\"><path stroke=\"rgba(0,0,0,0)\" stroke-miterlimit=\"10\" d=\"M28.1 36.154a2.048 2.048 0 0 1 0-2.9l12.5-12.5H2.55a2.05 2.05 0 1 1 0-4.1H40.6l-12.5-12.5a2.05 2.05 0 1 1 2.9-2.9l17.45 17.448L31 36.154a2.047 2.047 0 0 1-2.9 0Z\"\/><\/svg><\/a><\/div><\/div><\/div><\/div><\/div><\/div><div class=\"ultp-block-item post-id-1239\"><div><div class=\"ultp-block-slider-wrap\"><div class=\"ultp-block-image-inner\"><div class=\"ultp-block-image \"><a href=\"https:\/\/fcgriopailacastilla.org\/site\/2023\/04\/28\/aldeas-entrego-ayudas-alimentarias-a-240-familias-afectadas-por-temporada-de-lluviasen-valle-y-norte-del-cauca\/\" ><img decoding=\"async\"  alt=\"ALDEAS entreg\u00f3 ayudas alimentarias a 240 familias afectadas por temporada de lluviasen Valle y norte del Cauca\"  src=\"https:\/\/fcgriopailacastilla.org\/site\/wp-content\/uploads\/2023\/04\/WhatsApp-Image-2023-04-27-at-3.47.46-PM-1-e1682686186445.jpeg\" \/><\/a><\/div><\/div><div class=\"ultp-block-content ultp-block-content-bottomPosition ultp-block-content-rightPosition\"><div class=\"ultp-block-content-inner\"><h5 class=\"ultp-block-title \"><a href=\"https:\/\/fcgriopailacastilla.org\/site\/2023\/04\/28\/aldeas-entrego-ayudas-alimentarias-a-240-familias-afectadas-por-temporada-de-lluviasen-valle-y-norte-del-cauca\/\" >ALDEAS entreg\u00f3 ayudas alimentarias a 240 familias afectadas por temporada de lluviasen Valle y norte del Cauca<\/a><\/h5><div class=\"ultp-block-excerpt\"><p>Abril 27 de 2023. 240 familias afectadas por la temporada de lluvias recibieron ayudas alimentarias a trav\u00e9s de&hellip;<\/p>\n<\/div><div class=\"ultp-block-readmore\"><a aria-label=\"ALDEAS entreg\u00f3 ayudas alimentarias a 240 familias afectadas por temporada de lluviasen Valle y norte del Cauca\" href=\"https:\/\/fcgriopailacastilla.org\/site\/2023\/04\/28\/aldeas-entrego-ayudas-alimentarias-a-240-familias-afectadas-por-temporada-de-lluviasen-valle-y-norte-del-cauca\/\" >Leer m\u00e1s<svg xmlns=\"http:\/\/www.w3.org\/2000\/svg\" viewBox=\"0 0 49.16 37.25\"><path stroke=\"rgba(0,0,0,0)\" stroke-miterlimit=\"10\" d=\"M28.1 36.154a2.048 2.048 0 0 1 0-2.9l12.5-12.5H2.55a2.05 2.05 0 1 1 0-4.1H40.6l-12.5-12.5a2.05 2.05 0 1 1 2.9-2.9l17.45 17.448L31 36.154a2.047 2.047 0 0 1-2.9 0Z\"\/><\/svg><\/a><\/div><\/div><\/div><\/div><\/div><\/div><\/div><div class=\"ultp-slick-nav\" style=\"display:none\"><div class=\"ultp-slick-prev\"><div class=\"slick-arrow slick-prev\"><svg enable-background=\"new 0 0 477.175 477.175\" version=\"1.1\" viewBox=\"0 0 477.18 477.18\"><path d=\"m145.19 238.58 215.5-215.5c5.3-5.3 5.3-13.8 0-19.1s-13.8-5.3-19.1 0l-225.1 225.1c-5.3 5.3-5.3 13.8 0 19.1l225.1 225c2.6 2.6 6.1 4 9.5 4s6.9-1.3 9.5-4c5.3-5.3 5.3-13.8 0-19.1l-215.4-215.5z\"><\/path><\/svg><\/div><\/div><div class=\"ultp-slick-next\"><div class=\"slick-arrow slick-next\"><svg enable-background=\"new 0 0 477.175 477.175\" version=\"1.1\" viewBox=\"0 0 477.18 477.18\"><path d=\"m360.73 229.08-225.1-225.1c-5.3-5.3-13.8-5.3-19.1 0s-5.3 13.8 0 19.1l215.5 215.5-215.5 215.5c-5.3 5.3-5.3 13.8 0 19.1 2.6 2.6 6.1 4 9.5 4s6.9-1.3 9.5-4l225.1-225.1c5.3-5.2 5.3-13.8 0.1-19z\"><\/path><\/svg><\/div><\/div><\/div><\/div><\/div>\n\n\n<p><br><br><\/p>\n\n\n\n<hr class=\"wp-block-separator has-text-color has-cyan-bluish-gray-color has-alpha-channel-opacity has-cyan-bluish-gray-background-color has-background is-style-wide\"\/>\n\n\n\n<h4 class=\"wp-block-heading\">Historias<\/h4>\n\n\n<div  class=\"wp-block-ultimate-post-post-slider-1 ultp-block-b887ec\"><div class=\"ultp-block-wrapper\"><div class=\"ultp-block-items-wrap\" data-arrows=\"1\" data-dots=\"\" data-autoplay=\"1\" data-slidespeed=\"3000\" data-fade=\"1\" data-slidelg=\"2\" data-slidesm=\"1\" data-slidexs=\"1\"><div class=\"ultp-block-item post-id-1116\"><div><div class=\"ultp-block-slider-wrap\"><div class=\"ultp-block-image-inner\"><div class=\"ultp-block-image \"><a href=\"https:\/\/fcgriopailacastilla.org\/site\/2022\/12\/14\/80-jovenes-de-bugalagrande-y-zarzal-se-prepararan-para-ser-lideres-en-la-escuela-juvenil-de-innovacion-territorial\/\" ><img decoding=\"async\"  alt=\"80 j\u00f3venes de Bugalagrande y Zarzal se preparar\u00e1n para ser l\u00edderes en la &#8216;Escuela Juvenil de Innovaci\u00f3n Territorial&#8217;\"  src=\"https:\/\/fcgriopailacastilla.org\/site\/wp-content\/uploads\/2022\/12\/WhatsApp-Image-2022-12-14-at-7.41.37-AM.jpeg\" \/><\/a><\/div><\/div><div class=\"ultp-block-content ultp-block-content-bottomPosition ultp-block-content-centerPosition\"><div class=\"ultp-block-content-inner\"><h5 class=\"ultp-block-title \"><a href=\"https:\/\/fcgriopailacastilla.org\/site\/2022\/12\/14\/80-jovenes-de-bugalagrande-y-zarzal-se-prepararan-para-ser-lideres-en-la-escuela-juvenil-de-innovacion-territorial\/\" >80 j\u00f3venes de Bugalagrande y Zarzal se preparar\u00e1n para ser l\u00edderes en la &#8216;Escuela Juvenil de Innovaci\u00f3n Territorial&#8217;<\/a><\/h5><div class=\"ultp-block-excerpt\"><p>Bugalagrande, 11 de diciembre de 2022. Que los j\u00f3venes de la subregi\u00f3n norte del Valle del Cauca se&hellip;<\/p>\n<\/div><div class=\"ultp-block-readmore\"><a aria-label=\"80 j\u00f3venes de Bugalagrande y Zarzal se preparar\u00e1n para ser l\u00edderes en la &#8216;Escuela Juvenil de Innovaci\u00f3n Territorial&#8217;\" href=\"https:\/\/fcgriopailacastilla.org\/site\/2022\/12\/14\/80-jovenes-de-bugalagrande-y-zarzal-se-prepararan-para-ser-lideres-en-la-escuela-juvenil-de-innovacion-territorial\/\" >Leer m\u00e1s<svg xmlns=\"http:\/\/www.w3.org\/2000\/svg\" viewBox=\"0 0 49.16 37.25\"><path stroke=\"rgba(0,0,0,0)\" stroke-miterlimit=\"10\" d=\"M28.1 36.154a2.048 2.048 0 0 1 0-2.9l12.5-12.5H2.55a2.05 2.05 0 1 1 0-4.1H40.6l-12.5-12.5a2.05 2.05 0 1 1 2.9-2.9l17.45 17.448L31 36.154a2.047 2.047 0 0 1-2.9 0Z\"\/><\/svg><\/a><\/div><\/div><\/div><\/div><\/div><\/div><div class=\"ultp-block-item post-id-1099\"><div><div class=\"ultp-block-slider-wrap\"><div class=\"ultp-block-image-inner\"><div class=\"ultp-block-image \"><a href=\"https:\/\/fcgriopailacastilla.org\/site\/2022\/12\/07\/65-anos-de-compromiso-social-se-conmemoran-en-el-suroccidente-colombiano\/\" ><img decoding=\"async\"  alt=\"65 a\u00f1os de compromiso social se conmemoran en el suroccidente colombiano\"  src=\"https:\/\/fcgriopailacastilla.org\/site\/wp-content\/uploads\/2022\/12\/FLA_4653-1280x854-1.jpg\" \/><\/a><\/div><\/div><div class=\"ultp-block-content ultp-block-content-bottomPosition ultp-block-content-centerPosition\"><div class=\"ultp-block-content-inner\"><h5 class=\"ultp-block-title \"><a href=\"https:\/\/fcgriopailacastilla.org\/site\/2022\/12\/07\/65-anos-de-compromiso-social-se-conmemoran-en-el-suroccidente-colombiano\/\" >65 a\u00f1os de compromiso social se conmemoran en el suroccidente colombiano<\/a><\/h5><div class=\"ultp-block-excerpt\"><p>Cali, 30 de noviembre 2022 &#8211; La Fundaci\u00f3n Caicedo Gonz\u00e1lez Riopaila Castilla (FCGRC), primera fundaci\u00f3n de origen empresarial&hellip;<\/p>\n<\/div><div class=\"ultp-block-readmore\"><a aria-label=\"65 a\u00f1os de compromiso social se conmemoran en el suroccidente colombiano\" href=\"https:\/\/fcgriopailacastilla.org\/site\/2022\/12\/07\/65-anos-de-compromiso-social-se-conmemoran-en-el-suroccidente-colombiano\/\" >Leer m\u00e1s<svg xmlns=\"http:\/\/www.w3.org\/2000\/svg\" viewBox=\"0 0 49.16 37.25\"><path stroke=\"rgba(0,0,0,0)\" stroke-miterlimit=\"10\" d=\"M28.1 36.154a2.048 2.048 0 0 1 0-2.9l12.5-12.5H2.55a2.05 2.05 0 1 1 0-4.1H40.6l-12.5-12.5a2.05 2.05 0 1 1 2.9-2.9l17.45 17.448L31 36.154a2.047 2.047 0 0 1-2.9 0Z\"\/><\/svg><\/a><\/div><\/div><\/div><\/div><\/div><\/div><\/div><div class=\"ultp-slick-nav\" style=\"display:none\"><div class=\"ultp-slick-prev\"><div class=\"slick-arrow slick-prev\"><svg enable-background=\"new 0 0 477.175 477.175\" version=\"1.1\" viewBox=\"0 0 477.18 477.18\"><path d=\"m145.19 238.58 215.5-215.5c5.3-5.3 5.3-13.8 0-19.1s-13.8-5.3-19.1 0l-225.1 225.1c-5.3 5.3-5.3 13.8 0 19.1l225.1 225c2.6 2.6 6.1 4 9.5 4s6.9-1.3 9.5-4c5.3-5.3 5.3-13.8 0-19.1l-215.4-215.5z\"><\/path><\/svg><\/div><\/div><div class=\"ultp-slick-next\"><div class=\"slick-arrow slick-next\"><svg enable-background=\"new 0 0 477.175 477.175\" version=\"1.1\" viewBox=\"0 0 477.18 477.18\"><path d=\"m360.73 229.08-225.1-225.1c-5.3-5.3-13.8-5.3-19.1 0s-5.3 13.8 0 19.1l215.5 215.5-215.5 215.5c-5.3 5.3-5.3 13.8 0 19.1 2.6 2.6 6.1 4 9.5 4s6.9-1.3 9.5-4l225.1-225.1c5.3-5.2 5.3-13.8 0.1-19z\"><\/path><\/svg><\/div><\/div><\/div><\/div><\/div><\/div>\t\t<\/div>\n\t\t\t\t<\/div>\n\t\t\t\t<\/div>\n\t\t\t\t<\/div>\n\t\t","protected":false},"excerpt":{"rendered":"<p>Lo nuevo Historias para contar En un peque\u00f1o rinc\u00f3n escondido de su casa, Cindy estableci\u00f3 su huerta en octubre de 2023. La llama&hellip; Leer m\u00e1s ALDEAS: Conectamos humanidad para el&hellip;<\/p>\n","protected":false},"author":1,"featured_media":0,"parent":0,"menu_order":0,"comment_status":"closed","ping_status":"closed","template":"elementor_header_footer","meta":{"footnotes":""},"class_list":["post-1461","page","type-page","status-publish","hentry"],"_links":{"self":[{"href":"https:\/\/fcgriopailacastilla.org\/site\/wp-json\/wp\/v2\/pages\/1461","targetHints":{"allow":["GET"]}}],"collection":[{"href":"https:\/\/fcgriopailacastilla.org\/site\/wp-json\/wp\/v2\/pages"}],"about":[{"href":"https:\/\/fcgriopailacastilla.org\/site\/wp-json\/wp\/v2\/types\/page"}],"author":[{"embeddable":true,"href":"https:\/\/fcgriopailacastilla.org\/site\/wp-json\/wp\/v2\/users\/1"}],"replies":[{"embeddable":true,"href":"https:\/\/fcgriopailacastilla.org\/site\/wp-json\/wp\/v2\/comments?post=1461"}],"version-history":[{"count":16,"href":"https:\/\/fcgriopailacastilla.org\/site\/wp-json\/wp\/v2\/pages\/1461\/revisions"}],"predecessor-version":[{"id":2184,"href":"https:\/\/fcgriopailacastilla.org\/site\/wp-json\/wp\/v2\/pages\/1461\/revisions\/2184"}],"wp:attachment":[{"href":"https:\/\/fcgriopailacastilla.org\/site\/wp-json\/wp\/v2\/media?parent=1461"}],"curies":[{"name":"wp","href":"https:\/\/api.w.org\/{rel}","templated":true}]}}